{"id":45974,"date":"2026-03-25T01:03:22","date_gmt":"2026-03-25T00:03:22","guid":{"rendered":"https:\/\/oisehalatte-tourisme.eu\/agenda\/exposition-verneuil-metiers-dautrefois\/"},"modified":"2026-03-25T01:03:22","modified_gmt":"2026-03-25T00:03:22","slug":"exposition-verneuil-metiers-dautrefois","status":"publish","type":"events","link":"https:\/\/oisehalatte-tourisme.eu\/de\/agenda\/exposition-verneuil-metiers-dautrefois\/","title":{"rendered":"Ausstellung \u00abVerneuil, m\u00e9tiers d'autrefois\u00bb (Verneuil, Berufe von einst)\u00bb"},"content":{"rendered":"","protected":false},"featured_media":45975,"template":"","meta":{"_acf_changed":false,"_relevanssi_hide_post":"","_relevanssi_hide_content":"","_relevanssi_pin_for_all":"","_relevanssi_pin_keywords":"","_relevanssi_unpin_keywords":"","_relevanssi_related_keywords":"","_relevanssi_related_include_ids":"","_relevanssi_related_exclude_ids":"","_relevanssi_related_no_append":"","_relevanssi_related_not_related":"","_relevanssi_related_posts":"","_relevanssi_noindex_reason":"","inline_featured_image":false},"event-type":[21],"class_list":["post-45974","events","type-events","status-publish","has-post-thumbnail","hentry","event-type-expositions-fetes-et-festivals"],"acf":{"sticky":false,"dates":[{"starting_date":"2026-04-10","ending_date":"2026-04-12","time":[{"morning_opening":"10:00:00","morning_ending":"18:00:00","afternoon_opening":null,"afternoon_ending":null}]}],"description":"Du 10 au 12 avril 2026, Verneuil accueillera dans les salles Salomon de Brosse une grande exposition consacr\u00e9e aux m\u00e9tiers d\u2019autrefois, une plong\u00e9e sensible et document\u00e9e dans plus de trois si\u00e8cles d\u2019histoire locale. S\u2019\u00e9tendant du d\u00e9but du XVII\u1d49 si\u00e8cle, \u00e9poque de la construction du ch\u00e2teau puis des chasses du duc de Verneuil, jusqu\u2019au milieu du XX\u1d49 si\u00e8cle, cette manifestation mettra en lumi\u00e8re la richesse des savoir\u2011faire qui ont fa\u00e7onn\u00e9 la vie quotidienne des Vernoliens.\n\nLes visiteurs pourront d\u00e9couvrir une large collection d\u2019illustrations repr\u00e9sentant des m\u00e9tiers aujourd\u2019hui disparus ou profond\u00e9ment transform\u00e9s. Des cartes postales anciennes, soigneusement s\u00e9lectionn\u00e9es, restitueront l\u2019atmosph\u00e8re des rues, des ateliers et des commerces d\u2019autrefois.\n\nL\u2019exposition pr\u00e9sentera \u00e9galement les noms et parcours de celles et ceux qui ont anim\u00e9 la commune au fil des g\u00e9n\u00e9rations, rappelant la place essentielle des artisans, commer\u00e7ants et ouvriers dans l\u2019histoire locale. Une s\u00e9lection de vieux outils, t\u00e9moins silencieux mais \u00e9loquents de gestes aujourd\u2019hui oubli\u00e9s, permettra de mieux comprendre la r\u00e9alit\u00e9 mat\u00e9rielle de ces m\u00e9tiers.\n\n\u00c0 travers ces objets, images et r\u00e9cits, le public pourra mesurer combien Verneuil et ses habitants ont \u00e9volu\u00e9 au fil du temps, entre traditions, transformations \u00e9conomiques et mutations sociales.\n\nCette exposition se veut \u00e0 la fois un hommage, une red\u00e9couverte et une invitation \u00e0 porter un regard neuf sur le pass\u00e9. Curieux, passionn\u00e9s d\u2019histoire ou simples promeneurs trouveront mati\u00e8re \u00e0 s\u2019\u00e9merveiller et \u00e0 apprendre. Venez nombreux partager ce voyage dans le temps et red\u00e9couvrir la m\u00e9moire vivante de Verneuil.","prices":null,"payment_methods":null,"reservation_url":"","contact_infos":[{"contact_libelle":"mail","fixe_phone":"","mobile_phone":"","email":"amisduvieuxverneuil@gmail.com","website":"","socials_network":null}],"contact_details":{"adress":"","additional_address":"","postcode":"60550","municipality":"VERNEUIL-EN-HALATTE","longitude":"2.517388","latitude":"49.274228"},"image":null,"id-field":"FMAPIC060V50PP4C","api_update":"2026-03-24","municipalities":null},"featured_image_url":"https:\/\/oisehalatte-tourisme.eu\/app\/uploads\/2026\/03\/Expo-amis-du-vieux-verneuil.png","events_type_names":["Expositions, f\u00eates et festivals"],"municipality_title":null,"start":null,"end":null,"_links":{"self":[{"href":"https:\/\/oisehalatte-tourisme.eu\/de\/wp-json\/wp\/v2\/events\/45974","targetHints":{"allow":["GET"]}}],"collection":[{"href":"https:\/\/oisehalatte-tourisme.eu\/de\/wp-json\/wp\/v2\/events"}],"about":[{"href":"https:\/\/oisehalatte-tourisme.eu\/de\/wp-json\/wp\/v2\/types\/events"}],"wp:featuredmedia":[{"embeddable":true,"href":"https:\/\/oisehalatte-tourisme.eu\/de\/wp-json\/wp\/v2\/media\/45975"}],"wp:attachment":[{"href":"https:\/\/oisehalatte-tourisme.eu\/de\/wp-json\/wp\/v2\/media?parent=45974"}],"wp:term":[{"taxonomy":"event-type","embeddable":true,"href":"https:\/\/oisehalatte-tourisme.eu\/de\/wp-json\/wp\/v2\/event-type?post=45974"}],"curies":[{"name":"wp","href":"https:\/\/api.w.org\/{rel}","templated":true}]}}