{"id":938,"date":"2025-08-22T13:51:29","date_gmt":"2025-08-22T12:51:29","guid":{"rendered":"https:\/\/oisehalatte-tourisme.eu\/\/?events=journees-europeennes-du-patrimoine-a-la-decouverte-du-site-naturel-des-pointes"},"modified":"2025-08-22T13:51:29","modified_gmt":"2025-08-22T12:51:29","slug":"journees-europeennes-du-patrimoine-a-la-decouverte-du-site-naturel-des-pointes","status":"publish","type":"events","link":"https:\/\/oisehalatte-tourisme.eu\/de\/agenda\/journees-europeennes-du-patrimoine-a-la-decouverte-du-site-naturel-des-pointes\/","title":{"rendered":"Europ\u00e4ische Tage des Denkmals: Entdecken Sie die Naturlandschaft von Les Pointes"},"content":{"rendered":"","protected":false},"featured_media":939,"template":"","meta":{"_acf_changed":false,"_relevanssi_hide_post":"","_relevanssi_hide_content":"","_relevanssi_pin_for_all":"","_relevanssi_pin_keywords":"","_relevanssi_unpin_keywords":"","_relevanssi_related_keywords":"","_relevanssi_related_include_ids":"","_relevanssi_related_exclude_ids":"","_relevanssi_related_no_append":"","_relevanssi_related_not_related":"","_relevanssi_related_posts":"","_relevanssi_noindex_reason":"","inline_featured_image":false},"event-type":[12,11,13],"class_list":["post-938","events","type-events","status-publish","has-post-thumbnail","hentry","event-type-concerts-spectacles-et-conferences","event-type-sortie-nature","event-type-visite-guidee"],"acf":{"sticky":false,"dates":[{"starting_date":"2025-09-20","ending_date":"2025-09-20","time":[{"morning_opening":"10:00:00","morning_ending":"12:00:00","afternoon_opening":"13:30:00","afternoon_ending":"15:30:00"}]},{"starting_date":"2025-09-20","ending_date":"2025-09-20","time":[{"morning_opening":"16:00:00","morning_ending":"18:00:00","afternoon_opening":null,"afternoon_ending":null}]}],"description":"Anl\u00e4sslich der Europ\u00e4ischen Tage des Denkmals ist das Naturgebiet \u00abLes Pointes\u00bb ausnahmsweise zug\u00e4nglich. Entdecken Sie es gemeinsam mit den Akteuren, die sich f\u00fcr seinen Erhalt einsetzen.\n\u00abLes Pointes\u00bb ist Teil des Besitzes des Departements Marais de Sacy.\n\nSie bilden den westlichen Teil und umfassen eine Fl\u00e4che von \u00fcber 60 ha Sumpfgebiet, das um die Wasserl\u00e4ufe La Frette und La Petite Frette herum angelegt ist. Durch den fr\u00fcheren Torfabbau wurde das Gebiet stark ver\u00e4ndert und weist ein Mosaik aus urspr\u00fcnglichen Vegetationsformen auf, das Elemente von Alkali-Mooren mit Cladion marisque und Schilfrohr, aber auch von kalkhaltigen Rasen und S\u00e4umen, wie die Wegr\u00e4nder mit Polygale commun und Weidenbl\u00e4ttrigem Alant, enth\u00e4lt.\n\n Dank des europ\u00e4ischen LIFE-Programms konnten durch umfangreiche Restaurierungsarbeiten die ehemals weitl\u00e4ufigen Moorlandschaften wieder hergestellt werden. Wir laden Sie ein, sie im Rahmen der Europ\u00e4ischen Tage des Kulturerbes 2025 zu entdecken: Melden Sie sich gleich an!\n\nGutes Schuhwerk und dem Wetter angepasste Kleidung sind empfehlenswert!\n\nEntdeckungsreise zu den Restaurierungsarbeiten des Torfmoors durch das Conservatoire d'espaces naturels des Hauts-de-France\n\nAnmeldung und Informationen beim Office de Tourisme des Pays d'Oise et d'Halatte.","prices":[{"price_label":"Gratuit","price_detail":"","min_price":"0","max_price":"0"}],"payment_methods":null,"reservation_url":"","contact_infos":[{"contact_libelle":"fix","fixe_phone":"+33 3 44 72 35 90","mobile_phone":"","email":"","website":"","socials_network":null},{"contact_libelle":"mail","fixe_phone":"","mobile_phone":"","email":"tourisme@oise-halatte.fr","website":"","socials_network":null}],"contact_details":{"adress":"","additional_address":"Place de Mairie","postcode":"60700","municipality":"SACY-LE-GRAND","longitude":"2.5421780","latitude":"49.3549960"},"image":null,"id-field":"FMAPIC060V50LLSJ","api_update":"2025-07-29","municipalities":null},"featured_image_url":"https:\/\/oisehalatte-tourisme.eu\/app\/uploads\/2025\/08\/IMG-2023-02-07-14-45-51-413-2-1-scaled.jpg","events_type_names":["Concerts, spectacles et conf\u00e9rences","Sortie Nature","Visite guid\u00e9e"],"municipality_title":null,"start":null,"end":null,"_links":{"self":[{"href":"https:\/\/oisehalatte-tourisme.eu\/de\/wp-json\/wp\/v2\/events\/938","targetHints":{"allow":["GET"]}}],"collection":[{"href":"https:\/\/oisehalatte-tourisme.eu\/de\/wp-json\/wp\/v2\/events"}],"about":[{"href":"https:\/\/oisehalatte-tourisme.eu\/de\/wp-json\/wp\/v2\/types\/events"}],"wp:featuredmedia":[{"embeddable":true,"href":"https:\/\/oisehalatte-tourisme.eu\/de\/wp-json\/wp\/v2\/media\/939"}],"wp:attachment":[{"href":"https:\/\/oisehalatte-tourisme.eu\/de\/wp-json\/wp\/v2\/media?parent=938"}],"wp:term":[{"taxonomy":"event-type","embeddable":true,"href":"https:\/\/oisehalatte-tourisme.eu\/de\/wp-json\/wp\/v2\/event-type?post=938"}],"curies":[{"name":"wp","href":"https:\/\/api.w.org\/{rel}","templated":true}]}}