{"id":42118,"date":"2026-03-16T01:05:28","date_gmt":"2026-03-13T00:02:27","guid":{"rendered":"https:\/\/oisehalatte-tourisme.eu\/agenda\/festival-des-marais\/"},"modified":"2026-03-16T01:05:28","modified_gmt":"2026-03-16T00:05:28","slug":"festival-des-marais","status":"publish","type":"events","link":"https:\/\/oisehalatte-tourisme.eu\/en\/agenda\/festival-des-marais\/","title":{"rendered":"Marsh Festival"},"content":{"rendered":"","protected":false},"featured_media":42119,"template":"","meta":{"_acf_changed":false,"_relevanssi_hide_post":"","_relevanssi_hide_content":"","_relevanssi_pin_for_all":"","_relevanssi_pin_keywords":"","_relevanssi_unpin_keywords":"","_relevanssi_related_keywords":"","_relevanssi_related_include_ids":"","_relevanssi_related_exclude_ids":"","_relevanssi_related_no_append":"","_relevanssi_related_not_related":"","_relevanssi_related_posts":"","_relevanssi_noindex_reason":"","inline_featured_image":false},"event-type":[21,18,74,16,11],"class_list":["post-42118","events","type-events","status-publish","has-post-thumbnail","hentry","event-type-expositions-fetes-et-festivals","event-type-initiation-atelier","event-type-loisirs-creatifs","event-type-loisirs-et-detente","event-type-sortie-nature"],"acf":{"sticky":false,"dates":[{"starting_date":"2026-04-25","ending_date":"2026-04-25","time":[{"morning_opening":"10:00:00","morning_ending":"17:00:00","afternoon_opening":null,"afternoon_ending":null}]}],"description":"La 4\u1d49 \u00e9dition du Festival des Marais se tiendra le samedi 25 avril de 10h00 \u00e0 17h00  au marais communal de Cinqueux.\nCette journ\u00e9e sera l\u2019occasion de d\u00e9couvrir la richesse naturelle et culturelle des Marais de Sacy.\nAu programme : d\u00e9couverte de l\u2019histoire du marais et de sa faune, rencontre avec les buffles d\u2019eau, visites et ateliers du marais (hutte, p\u00eache, vannerie) . \nDes activit\u00e9s bien-\u00eatre, tels que la sophrologie, le ta\u00efchi et des contes, seront \u00e9galement propos\u00e9s tout au long de la journ\u00e9e. Petits et grands pourront profiter de jeux et d\u2019animations vari\u00e9s, tandis qu\u2019une restauration sucr\u00e9e et sal\u00e9e sera disponible sur place.","prices":null,"payment_methods":null,"reservation_url":"","contact_infos":[{"contact_libelle":"fix","fixe_phone":"+33 3 44 09 65 00","mobile_phone":"","email":"","website":"","socials_network":null}],"contact_details":{"adress":"","additional_address":"","postcode":"60940","municipality":"CINQUEUX","longitude":"2.525296","latitude":"49.319118"},"image":null,"id-field":"FMAPIC060V50PN9C","api_update":"2026-03-15","municipalities":null},"featured_image_url":"https:\/\/oisehalatte-tourisme.eu\/app\/uploads\/2026\/03\/Festival-des-marais.jpg","events_type_names":["Expositions, f\u00eates et festivals","Initiation - atelier","Loisirs cr\u00e9atifs","Loisirs et d\u00e9tente","Sortie Nature"],"municipality_title":null,"start":null,"end":null,"_links":{"self":[{"href":"https:\/\/oisehalatte-tourisme.eu\/en\/wp-json\/wp\/v2\/events\/42118","targetHints":{"allow":["GET"]}}],"collection":[{"href":"https:\/\/oisehalatte-tourisme.eu\/en\/wp-json\/wp\/v2\/events"}],"about":[{"href":"https:\/\/oisehalatte-tourisme.eu\/en\/wp-json\/wp\/v2\/types\/events"}],"wp:featuredmedia":[{"embeddable":true,"href":"https:\/\/oisehalatte-tourisme.eu\/en\/wp-json\/wp\/v2\/media\/42119"}],"wp:attachment":[{"href":"https:\/\/oisehalatte-tourisme.eu\/en\/wp-json\/wp\/v2\/media?parent=42118"}],"wp:term":[{"taxonomy":"event-type","embeddable":true,"href":"https:\/\/oisehalatte-tourisme.eu\/en\/wp-json\/wp\/v2\/event-type?post=42118"}],"curies":[{"name":"wp","href":"https:\/\/api.w.org\/{rel}","templated":true}]}}