{"id":51012,"date":"2026-08-30T01:02:20","date_gmt":"2026-08-30T00:02:20","guid":{"rendered":"https:\/\/oisehalatte-tourisme.eu\/agenda\/concert-en-bibliotheque\/"},"modified":"2026-08-30T01:02:20","modified_gmt":"2026-08-30T00:02:20","slug":"concert-en-bibliotheque","status":"publish","type":"events","link":"https:\/\/oisehalatte-tourisme.eu\/nl\/agenda\/concert-en-bibliotheque\/","title":{"rendered":"Concert en biblioth\u00e8que"},"content":{"rendered":"","protected":false},"featured_media":51013,"template":"","meta":{"_acf_changed":false,"_relevanssi_hide_post":"","_relevanssi_hide_content":"","_relevanssi_pin_for_all":"","_relevanssi_pin_keywords":"","_relevanssi_unpin_keywords":"","_relevanssi_related_keywords":"","_relevanssi_related_include_ids":"","_relevanssi_related_exclude_ids":"","_relevanssi_related_no_append":"","_relevanssi_related_not_related":"","_relevanssi_related_posts":"","_relevanssi_noindex_reason":"","inline_featured_image":false},"event-type":[24,12],"class_list":["post-51012","events","type-events","status-publish","has-post-thumbnail","hentry","event-type-concert","event-type-concerts-spectacles-et-conferences"],"acf":{"sticky":false,"dates":[{"starting_date":"2026-10-02","ending_date":"2026-10-02","time":null}],"description":"Du 25 septembre au 17 octobre 2026, la M\u00e9diath\u00e8que d\u00e9partementale de l\u2019Oise (MDO) propose une nouvelle \u00e9dition de \u00ab Concert en biblioth\u00e8que \u00bb, en partenariat avec l\u2019ASCA, Celebration Days Records, La Grange \u00e0 Musique et huit biblioth\u00e8ques de l'Oise !\n\nSix biblioth\u00e8ques de l\u2019Oise accueilleront gratuitement des artistes des Hauts-de-France pour des concerts en live, avec trois univers musicaux \u00e0 d\u00e9couvrir : Rosy Posy, Manoah et Afrorok.\n\nRendez-vous le vendredi 02 octobre \u00e0 Verneuil-en Halatte, 4 place Piegaro \nManoah ; musique au caract\u00e8re authentique inspir\u00e9e par le jazz, la pop et la folk.\n\nCette programmation illustre la volont\u00e9 de la MDO de soutenir les biblioth\u00e8ques dans la mise en place d\u2019actions culturelles, de favoriser l\u2019acc\u00e8s \u00e0 la musique et de contribuer \u00e0 faire des biblioth\u00e8ques des lieux ouverts, vivants et accessibles \u00e0 tous.","prices":null,"payment_methods":null,"reservation_url":"","contact_infos":[{"contact_libelle":"fix","fixe_phone":"+33 3 44 24 56 48","mobile_phone":"","email":"","website":"","socials_network":null},{"contact_libelle":"mail","fixe_phone":"","mobile_phone":"","email":"bibliotheque@verneuil-en-halatte.fr","website":"","socials_network":null}],"contact_details":{"adress":"","additional_address":"","postcode":"60550","municipality":"VERNEUIL-EN-HALATTE","longitude":"2.517388","latitude":"49.274228"},"image":null,"id-field":"FMAPIC060V50QHCD","api_update":"2026-08-29","municipalities":null},"featured_image_url":"https:\/\/oisehalatte-tourisme.eu\/app\/uploads\/2026\/08\/Concer-en-bibliothequ.png","events_type_names":["Concert","Concerts, spectacles et conf\u00e9rences"],"municipality_title":null,"start":null,"end":null,"_links":{"self":[{"href":"https:\/\/oisehalatte-tourisme.eu\/nl\/wp-json\/wp\/v2\/events\/51012","targetHints":{"allow":["GET"]}}],"collection":[{"href":"https:\/\/oisehalatte-tourisme.eu\/nl\/wp-json\/wp\/v2\/events"}],"about":[{"href":"https:\/\/oisehalatte-tourisme.eu\/nl\/wp-json\/wp\/v2\/types\/events"}],"wp:featuredmedia":[{"embeddable":true,"href":"https:\/\/oisehalatte-tourisme.eu\/nl\/wp-json\/wp\/v2\/media\/51013"}],"wp:attachment":[{"href":"https:\/\/oisehalatte-tourisme.eu\/nl\/wp-json\/wp\/v2\/media?parent=51012"}],"wp:term":[{"taxonomy":"event-type","embeddable":true,"href":"https:\/\/oisehalatte-tourisme.eu\/nl\/wp-json\/wp\/v2\/event-type?post=51012"}],"curies":[{"name":"wp","href":"https:\/\/api.w.org\/{rel}","templated":true}]}}